{"id":208,"date":"2026-08-28T14:33:56","date_gmt":"2026-08-28T12:33:56","guid":{"rendered":"https:\/\/solida-asso.org\/?page_id=208"},"modified":"2026-08-28T14:33:56","modified_gmt":"2026-08-28T12:33:56","slug":"solida-lance-sa-campagne-annuelle","status":"publish","type":"page","link":"https:\/\/solida-asso.org\/?page_id=208","title":{"rendered":"SOLIDA&rsquo; lance sa campagne annuelle"},"content":{"rendered":"\n<figure class=\"wp-block-image size-large\"><img loading=\"lazy\" decoding=\"async\" width=\"1024\" height=\"544\" src=\"https:\/\/solida-asso.org\/wp-content\/uploads\/2026\/03\/BANNIERE-EVENEMENT-LANCEMENT-CAMPAGNE-2026-1024x544.gif\" alt=\"\" class=\"wp-image-139\" srcset=\"https:\/\/solida-asso.org\/wp-content\/uploads\/2026\/03\/BANNIERE-EVENEMENT-LANCEMENT-CAMPAGNE-2026-1024x544.gif 1024w, https:\/\/solida-asso.org\/wp-content\/uploads\/2026\/03\/BANNIERE-EVENEMENT-LANCEMENT-CAMPAGNE-2026-300x159.gif 300w, https:\/\/solida-asso.org\/wp-content\/uploads\/2026\/03\/BANNIERE-EVENEMENT-LANCEMENT-CAMPAGNE-2026-768x408.gif 768w, https:\/\/solida-asso.org\/wp-content\/uploads\/2026\/03\/BANNIERE-EVENEMENT-LANCEMENT-CAMPAGNE-2026-1536x816.gif 1536w\" sizes=\"auto, (max-width: 1024px) 100vw, 1024px\" \/><\/figure>\n\n\n\n<p class=\"wp-block-paragraph\">Le mercredi 30 septembre d\u00e8s 18h, \u00e0 IRIIG Lyon, SOLIDA\u2019 vous invite \u00e0 la soir\u00e9e de lancement de sa 1\u00e8re saison de soutien aux associations du territoire.<\/p>\n\n\n\n<p class=\"wp-block-paragraph\">Cette 1\u00e8re saison a comme th\u00e8me \u00ab<strong> l&rsquo;acc\u00e8s \u00e0 l\u2019habitat d\u2019urgence<\/strong> \u00bb.<\/p>\n\n\n\n<p class=\"wp-block-paragraph\">Pour comprendre les enjeux, les d\u00e9fis et les solutions propos\u00e9es, la soir\u00e9e prendra la forme d&rsquo;<strong>un plateau TV<\/strong> anim\u00e9 par le journaliste et pr\u00e9sident de SOLIDA&rsquo;, Philippe Regnoux, et r\u00e9unira des acteurs de la solidarit\u00e9 dont la mission est celle de l\u2019habitat d\u2019urgence en Auvergne-Rh\u00f4ne-Alpes.<\/p>\n\n\n\n<p class=\"wp-block-paragraph\">Sont invit\u00e9s, Nathalie Brabant, de l\u2019entreprise des possibles, Marion Louvign\u00e9-Catrou, de l\u2019association J\u2019accueille, Hel\u00e8ne Tonetti, de l\u2019association des Bureaux du C\u0153ur, Maud Vandoolaeghe de l\u2019association ACOLEA, Laure Burtin de l\u2019association Ga\u00efa-Lyon, et bien d&rsquo;autres personnalit\u00e9s pour aborder les enjeux et besoins autour de l&rsquo;habitat d&rsquo;urgence et pr\u00e9senter le projet d\u2019h\u00e9bergement d&rsquo;urgence retenu cette ann\u00e9e par SOLIDA\u2019.<\/p>\n\n\n\n<p class=\"wp-block-paragraph\">Cette soir\u00e9e, relay\u00e9e sur les r\u00e9seaux sociaux, sera suivi d\u2019un cocktail.<\/p>\n\n\n\n<figure class=\"wp-block-image aligncenter size-large is-resized\"><a href=\"mailto:contact@solida-asso.org\" target=\"_blank\" rel=\" noopener\"><img loading=\"lazy\" decoding=\"async\" width=\"635\" height=\"1024\" src=\"https:\/\/solida-asso.org\/wp-content\/uploads\/2026\/08\/INVITATION-LANCEMENT-CAMPAGNE-30-SEPT-2026-1-635x1024.gif\" alt=\"\" class=\"wp-image-209\" style=\"width:635px;height:auto\" srcset=\"https:\/\/solida-asso.org\/wp-content\/uploads\/2026\/08\/INVITATION-LANCEMENT-CAMPAGNE-30-SEPT-2026-1-635x1024.gif 635w, https:\/\/solida-asso.org\/wp-content\/uploads\/2026\/08\/INVITATION-LANCEMENT-CAMPAGNE-30-SEPT-2026-1-186x300.gif 186w, https:\/\/solida-asso.org\/wp-content\/uploads\/2026\/08\/INVITATION-LANCEMENT-CAMPAGNE-30-SEPT-2026-1-768x1238.gif 768w, https:\/\/solida-asso.org\/wp-content\/uploads\/2026\/08\/INVITATION-LANCEMENT-CAMPAGNE-30-SEPT-2026-1-952x1536.gif 952w, https:\/\/solida-asso.org\/wp-content\/uploads\/2026\/08\/INVITATION-LANCEMENT-CAMPAGNE-30-SEPT-2026-1-1270x2048.gif 1270w\" sizes=\"auto, (max-width: 635px) 100vw, 635px\" \/><\/a><\/figure>\n\n\n\n<p class=\"wp-block-paragraph\">Un grand merci \u00e0 nos partenaires commanditaires :<\/p>\n\n\n\n<ul class=\"wp-block-list\">\n<li><a href=\"https:\/\/www.iriig.com\/\">IRIIG<\/a> <\/li>\n\n\n\n<li>I<a href=\"https:\/\/ikonokast.fr\/\">konokast <\/a><\/li>\n<\/ul>\n\n\n\n<p class=\"wp-block-paragraph\"><\/p>\n","protected":false},"excerpt":{"rendered":"<p>Le mercredi 30 septembre d\u00e8s 18h, \u00e0 IRIIG Lyon, SOLIDA\u2019 vous invite \u00e0 la soir\u00e9e de lancement de sa 1\u00e8re saison de soutien aux associations du territoire. Cette 1\u00e8re saison a comme th\u00e8me \u00ab l&rsquo;acc\u00e8s \u00e0 l\u2019habitat d\u2019urgence \u00bb. Pour comprendre les enjeux, les d\u00e9fis et les solutions propos\u00e9es, la soir\u00e9e prendra la forme d&rsquo;un [&hellip;]<\/p>\n","protected":false},"author":1,"featured_media":0,"parent":0,"menu_order":0,"comment_status":"closed","ping_status":"closed","template":"","meta":{"footnotes":""},"class_list":["post-208","page","type-page","status-publish","hentry"],"_links":{"self":[{"href":"https:\/\/solida-asso.org\/index.php?rest_route=\/wp\/v2\/pages\/208","targetHints":{"allow":["GET"]}}],"collection":[{"href":"https:\/\/solida-asso.org\/index.php?rest_route=\/wp\/v2\/pages"}],"about":[{"href":"https:\/\/solida-asso.org\/index.php?rest_route=\/wp\/v2\/types\/page"}],"author":[{"embeddable":true,"href":"https:\/\/solida-asso.org\/index.php?rest_route=\/wp\/v2\/users\/1"}],"replies":[{"embeddable":true,"href":"https:\/\/solida-asso.org\/index.php?rest_route=%2Fwp%2Fv2%2Fcomments&post=208"}],"version-history":[{"count":1,"href":"https:\/\/solida-asso.org\/index.php?rest_route=\/wp\/v2\/pages\/208\/revisions"}],"predecessor-version":[{"id":210,"href":"https:\/\/solida-asso.org\/index.php?rest_route=\/wp\/v2\/pages\/208\/revisions\/210"}],"wp:attachment":[{"href":"https:\/\/solida-asso.org\/index.php?rest_route=%2Fwp%2Fv2%2Fmedia&parent=208"}],"curies":[{"name":"wp","href":"https:\/\/api.w.org\/{rel}","templated":true}]}}